{"id":2435,"date":"2020-09-11T02:04:35","date_gmt":"2020-09-11T00:04:35","guid":{"rendered":"https:\/\/lecercleetlecarre.fr\/?page_id=2435"},"modified":"2025-09-24T15:36:07","modified_gmt":"2025-09-24T13:36:07","slug":"faut-il-avoir-peur-du-reiki","status":"publish","type":"page","link":"https:\/\/lecercleetlecarre.fr\/index.php\/faut-il-avoir-peur-du-reiki\/","title":{"rendered":"Faut-il avoir peur du Reiki ?"},"content":{"rendered":"<div class=\"wp-block-image\">\n<figure class=\"aligncenter size-large\"><img loading=\"lazy\" decoding=\"async\" width=\"400\" height=\"311\" src=\"https:\/\/lecercleetlecarre.fr\/wp-content\/uploads\/2020\/09\/Djenthyreiki-PEURS-CCO.jpg\" alt=\"\" class=\"wp-image-2472\" srcset=\"https:\/\/lecercleetlecarre.fr\/wp-content\/uploads\/2020\/09\/Djenthyreiki-PEURS-CCO.jpg 400w, https:\/\/lecercleetlecarre.fr\/wp-content\/uploads\/2020\/09\/Djenthyreiki-PEURS-CCO-300x233.jpg 300w\" sizes=\"auto, (max-width: 400px) 100vw, 400px\" \/><figcaption class=\"wp-element-caption\">Maman, j&#8217;ai peur : je brille dans le noir&#8230;<\/figcaption><\/figure>\n<\/div>\n\n\n<h2 class=\"wp-block-heading\">Pourquoi diable accuser le Reiki ? Est-ce r\u00e9ellement fond\u00e9 ?<\/h2>\n\n\n\n<p>Pour quiconque conna\u00eet vraiment le <a href=\"https:\/\/lecercleetlecarre.fr\/index.php\/reiki\/\" target=\"_blank\" rel=\"noreferrer noopener\">Reiki<\/a>, la question est surprenante et pr\u00eate \u00e0 sourire pour une pratique fond\u00e9e sur l&#8217;Amour Inconditionnel&#8230; mais de trop nombreuses personnes ext\u00e9rieures au Reiki r\u00e9pandent <strong>quantit\u00e9 de rumeurs et d&#8217;id\u00e9es n\u00e9fastes sur le Reiki<\/strong> (pratique sectaire, magie noire, parasitage syst\u00e9matique par des entit\u00e9s, etc.). Il faut dire que ces personnes ont souvent <strong>un mobile tr\u00e8s simple<\/strong> : discr\u00e9diter des pratiques qu&#8217;ils pensent concurrentes des leurs et &#8220;r\u00e9cup\u00e9rer le business&#8221; correspondant pour <strong>accro\u00eetre leur part de march\u00e9<\/strong> ou <strong>garder une forme de monopole<\/strong>&#8230;<\/p>\n\n\n\n<p>Puisque l&#8217;on parle d&#8217;une <strong>pratique spirituelle<\/strong> (le Reiki), ces <strong>consid\u00e9rations bassement mat\u00e9rielles<\/strong> (du conflit d&#8217;int\u00e9r\u00eat pur et simple) font s\u00e9rieusement d\u00e9sordre, surtout quand il est question de notre relation directe avec le Ciel ! C&#8217;est pourquoi nous vous proposons de <strong>passer en revue et d&#8217;\u00e9valuer <em>s\u00e9rieusement <\/em>les &#8220;arguments&#8221; les plus classiques des &#8220;anti-Reiki&#8221;<\/strong> (avec eux, on n&#8217;est plus dans un scepticisme logique et raisonn\u00e9 bien compr\u00e9hensible, mais dans une forme de guerre larv\u00e9e, voire ouverte, contre le Reiki, qu&#8217;il faut discr\u00e9diter par tout moyen, y compris les plus sombres). Quelles sont les raisons qui peuvent pousser \u00e0 combattre plus ou moins &#8220;proprement&#8221; (mensonges, calomnies, rumeurs, d\u00e9sinformation, diabolisation&#8230;) cette <strong><a rel=\"noreferrer noopener\" href=\"https:\/\/lecercleetlecarre.fr\/index.php\/reiki\/\" target=\"_blank\">discipline spirituelle qui prone l&#8217;Amour Inconditionnel ?<\/a><\/strong><\/p>\n\n\n<div class=\"wp-block-image\">\n<figure class=\"aligncenter size-large\"><img loading=\"lazy\" decoding=\"async\" width=\"249\" height=\"200\" src=\"https:\/\/lecercleetlecarre.fr\/wp-content\/uploads\/2020\/09\/Origine-blocage.png\" alt=\"\" class=\"wp-image-2476\"\/><figcaption class=\"wp-element-caption\">Immerg\u00e9 dans une mer d&#8217;\u00e9motions n\u00e9gatives&#8230;<\/figcaption><\/figure>\n<\/div>\n\n\n<p>Je demande par avance pardon pour le ton narquois et souvent agac\u00e9 que je vais prendre dans les pages ci-dessous, mais, quand on vous calomnie sans vergogne et que l&#8217;on vous traite comme un moins que rien, en portant des accusations mensong\u00e8res \u00e0 l&#8217;\u00e9gard du Reiki (assimil\u00e9 \u00e0 un courant New Age alors qu&#8217;il lui est bien ant\u00e9rieur), je connais peu de personnes qui, dans de telles circonstances n&#8217;\u00e9prouveraient pas un peu de col\u00e8re face \u00e0 tant d&#8217;agression. L&#8217;important c&#8217;est de ne pas y demeurer. Essayons plut\u00f4t d&#8217;en rire et de <strong>transformer ces charges n\u00e9gatives en un approfondissement de l&#8217;Amour et de la Lumi\u00e8re<\/strong>.<\/p>\n\n\n\n<p><\/p>\n\n\n\n<h2 class=\"wp-block-heading\">Les &#8220;arguments&#8221; utilis\u00e9s pour critiquer ou discr\u00e9diter le Reiki <\/h2>\n\n\n<div class=\"wp-block-image\">\n<figure class=\"aligncenter size-full is-resized\"><img loading=\"lazy\" decoding=\"async\" width=\"552\" height=\"357\" src=\"https:\/\/lecercleetlecarre.fr\/wp-content\/uploads\/2022\/01\/e9bxh6n2.bmp\" alt=\"\" class=\"wp-image-3109\" style=\"width:407px;height:263px\" srcset=\"https:\/\/lecercleetlecarre.fr\/wp-content\/uploads\/2022\/01\/e9bxh6n2.bmp 552w, https:\/\/lecercleetlecarre.fr\/wp-content\/uploads\/2022\/01\/e9bxh6n2-300x194.jpg 300w\" sizes=\"auto, (max-width: 552px) 100vw, 552px\" \/><\/figure>\n<\/div>\n\n\n<p>S&#8217;ils rev\u00eatent de nombreuses formes rh\u00e9toriques et utilisent de nombreuses terminologies, ils tombent essentiellement dans <strong>2 familles<\/strong> <strong>logiques<\/strong> :<\/p>\n\n\n\n<ol class=\"wp-block-list has-medium-font-size\">\n<li><a href=\"https:\/\/lecercleetlecarre.fr\/index.php\/le-reiki-serait-une-secte-dangereuse\/\" target=\"_blank\" rel=\"noreferrer noopener\"><strong>Le Reiki serait une secte dangereuse&#8230;<\/strong><\/a> (alors qu&#8217;il pr\u00f4ne et entretient l&#8217;Autonomie et la Libert\u00e9 spirituelle)<\/li>\n\n\n\n<li><strong><a href=\"https:\/\/lecercleetlecarre.fr\/index.php\/le-reiki-serait-une-pratique-diabolique-magie-noire-et-parasitage-par-des-entites-etc\/\" target=\"_blank\" rel=\"noreferrer noopener\">Le Reiki serait une pratique diabolique : magie noire, parasitage syst\u00e9matique par des entit\u00e9s, etc.<\/a><\/strong> (alors qu&#8217;il pr\u00f4ne et d\u00e9veloppe exclusivement l&#8217;Amour Inconditionnel et la Lumi\u00e8re, point commun de toutes les Spiritualit\u00e9s authentiques)<\/li>\n<\/ol>\n\n\n\n<p>Nous vous avons mis ci-dessus et entre parenth\u00e8se la <strong>r\u00e9ponse courte \u00e0 l&#8217;accusation de fond<\/strong>, dont le Reiki fait l&#8217;objet par ses d\u00e9tracteurs-concurrents, qui ont malheureusement tous quelque chose \u00e0 gagner \u00e0 le d\u00e9nigrer ou \u00e0 le calomnier : il est toujours utile de se demander &#8220;<em>\u00e0 qui profite le crime ?<\/em>&#8220;. Si vous souhaitez mieux comprendre ce qui se trame derri\u00e8re ces deux familles d&#8217;arguments noirs et disposer de <strong>r\u00e9ponses plus \u00e9clair\u00e9es, plus longues et \u00e9tay\u00e9es, cliquez sur les liens ci-dessus<\/strong> qui m\u00e8nent vers des pages d\u00e9di\u00e9es.<\/p>\n\n\n\n<p>Alors, faut-il <strong>avoir peur du Reiki ?<\/strong> On a peur de ce que l&#8217;on ne conna\u00eet pas ; apprenez \u00e0 conna\u00eetre r\u00e9ellement le Reiki et vous pourrez vous faire votre propre opinion fond\u00e9e : votre seul risque sera de <strong>vous ouvrir \u00e0 l&#8217;Amour de Tout et Tous<\/strong>, bref de <strong>vous d\u00e9velopper spirituellement<\/strong>&#8230; <\/p>\n\n\n\n<figure class=\"wp-block-image size-large\"><img loading=\"lazy\" decoding=\"async\" width=\"1024\" height=\"640\" src=\"https:\/\/lecercleetlecarre.fr\/wp-content\/uploads\/2022\/01\/heart-shape-1714807_1280-1024x640.jpg\" alt=\"\" class=\"wp-image-3110\" srcset=\"https:\/\/lecercleetlecarre.fr\/wp-content\/uploads\/2022\/01\/heart-shape-1714807_1280-1024x640.jpg 1024w, https:\/\/lecercleetlecarre.fr\/wp-content\/uploads\/2022\/01\/heart-shape-1714807_1280-300x188.jpg 300w, https:\/\/lecercleetlecarre.fr\/wp-content\/uploads\/2022\/01\/heart-shape-1714807_1280-768x480.jpg 768w, https:\/\/lecercleetlecarre.fr\/wp-content\/uploads\/2022\/01\/heart-shape-1714807_1280-676x423.jpg 676w, https:\/\/lecercleetlecarre.fr\/wp-content\/uploads\/2022\/01\/heart-shape-1714807_1280.jpg 1200w\" sizes=\"auto, (max-width: 1024px) 100vw, 1024px\" \/><\/figure>\n","protected":false},"excerpt":{"rendered":"<p>Pourquoi diable accuser le Reiki ? Est-ce r\u00e9ellement fond\u00e9 ? Pour quiconque conna\u00eet vraiment le Reiki, la question est surprenante et pr\u00eate \u00e0 sourire pour une pratique fond\u00e9e sur l&#8217;Amour &hellip; <a href=\"https:\/\/lecercleetlecarre.fr\/index.php\/faut-il-avoir-peur-du-reiki\/\" class=\"more-link\">Lire la suite de <span class=\"screen-reader-text\">Faut-il avoir peur du Reiki ?<\/span><\/a><\/p>\n","protected":false},"author":3,"featured_media":0,"parent":0,"menu_order":0,"comment_status":"closed","ping_status":"closed","template":"","meta":{"_s2mail":"yes","_EventAllDay":false,"_EventTimezone":"","_EventStartDate":"","_EventEndDate":"","_EventStartDateUTC":"","_EventEndDateUTC":"","_EventShowMap":false,"_EventShowMapLink":false,"_EventURL":"","_EventCost":"","_EventCostDescription":"","_EventCurrencySymbol":"","_EventCurrencyCode":"","_EventCurrencyPosition":"","_EventDateTimeSeparator":"","_EventTimeRangeSeparator":"","_EventOrganizerID":[],"_EventVenueID":[0],"_OrganizerEmail":"","_OrganizerPhone":"","_OrganizerWebsite":"","_VenueAddress":"","_VenueCity":"","_VenueCountry":"","_VenueProvince":"","_VenueState":"","_VenueZip":"","_VenuePhone":"","_VenueURL":"","_VenueStateProvince":"","_VenueLat":"","_VenueLng":"","_VenueShowMap":false,"_VenueShowMapLink":false,"footnotes":""},"class_list":["post-2435","page","type-page","status-publish","hentry"],"_links":{"self":[{"href":"https:\/\/lecercleetlecarre.fr\/index.php\/wp-json\/wp\/v2\/pages\/2435","targetHints":{"allow":["GET"]}}],"collection":[{"href":"https:\/\/lecercleetlecarre.fr\/index.php\/wp-json\/wp\/v2\/pages"}],"about":[{"href":"https:\/\/lecercleetlecarre.fr\/index.php\/wp-json\/wp\/v2\/types\/page"}],"author":[{"embeddable":true,"href":"https:\/\/lecercleetlecarre.fr\/index.php\/wp-json\/wp\/v2\/users\/3"}],"replies":[{"embeddable":true,"href":"https:\/\/lecercleetlecarre.fr\/index.php\/wp-json\/wp\/v2\/comments?post=2435"}],"version-history":[{"count":109,"href":"https:\/\/lecercleetlecarre.fr\/index.php\/wp-json\/wp\/v2\/pages\/2435\/revisions"}],"predecessor-version":[{"id":5096,"href":"https:\/\/lecercleetlecarre.fr\/index.php\/wp-json\/wp\/v2\/pages\/2435\/revisions\/5096"}],"wp:attachment":[{"href":"https:\/\/lecercleetlecarre.fr\/index.php\/wp-json\/wp\/v2\/media?parent=2435"}],"curies":[{"name":"wp","href":"https:\/\/api.w.org\/{rel}","templated":true}]}}