{"id":419,"date":"2018-11-30T02:59:39","date_gmt":"2018-11-30T01:59:39","guid":{"rendered":"https:\/\/lecercleetlecarre.wordpress.com\/?page_id=419"},"modified":"2025-06-05T13:57:05","modified_gmt":"2025-06-05T11:57:05","slug":"intervenants-lieux-horaires-et-tarifs-des-seminaires-ymaa-paris-nord","status":"publish","type":"page","link":"https:\/\/lecercleetlecarre.fr\/index.php\/intervenants-lieux-horaires-et-tarifs-des-seminaires-ymaa-paris-nord\/","title":{"rendered":"Lieux, horaires, tarifs et intervenants des s\u00e9minaires YMAA Paris Nord"},"content":{"rendered":"\n<h2 class=\"wp-block-heading\"><span style=\"text-decoration: underline;\">Les lieux et horaires<\/span> : des s\u00e9minaires de <em>week-end<\/em> en plein c\u0153ur de <em>Paris<\/em> !<\/h2>\n\n\n\n<p>Les week-ends auront lieu&nbsp;<strong>\u00e0 Paris<\/strong>, les <strong>samedi et dimanche<\/strong> de <strong>9h30 (pr\u00e9cise) \u00e0 18h (environ)<\/strong> au <a rel=\"noreferrer noopener\" href=\"https:\/\/www.centreanima.com\/centre-yoga-gym-douce-paris\" target=\"_blank\">Centre Anima<\/a>.<\/p>\n\n\n\n<p>Sous r\u00e9serve de places disponibles, il est possible de s&#8217;inscrire uniquement&nbsp;\u00e0<strong> certains week-ends qui vous int\u00e9ressent,<\/strong> si vous ne souhaitez pas effectuer<strong> l\u2019int\u00e9gralit\u00e9 du cursus<\/strong>. La priorit\u00e9 sera cependant donn\u00e9e aux personnes suivant le cursus complet.&nbsp;Afin d\u2019assurer la&nbsp;<strong>coh\u00e9rence p\u00e9dagogique<\/strong>&nbsp;et de permettre un approfondissement suffisant de la mati\u00e8re abord\u00e9e, il est fortement <strong>conseill\u00e9 de participer \u00e0 l&#8217;int\u00e9gralit\u00e9 des week-ends du niveau&nbsp;<\/strong>choisi.&nbsp;<\/p>\n\n\n\n<p class=\"has-vivid-red-color has-text-color\"><strong>Attention<\/strong>,&nbsp;<strong>chaque week-end ne sera propos\u00e9 qu\u2019<em>une fois tous les 3 ans<\/em>,&nbsp;<\/strong>ne ratez pas le coche ! <span style=\"text-decoration: underline;\"><em>Seuls les deux week-ends du <strong>Niveau 1<\/strong> seront<strong>&nbsp;<\/strong>propos\u00e9s <strong>\u00e0 deux reprises durant les 3 ans<\/strong><\/em><\/span>.<\/p>\n\n\n\n<h2 class=\"wp-block-heading\"><span style=\"text-decoration: underline;\">Les tarifs<\/span><strong>&nbsp;:&nbsp;des <\/strong><em><strong>prix abordables <\/strong><\/em><strong>pour <\/strong><em><strong>favoriser l\u2019acc\u00e8s de tous <\/strong><\/em><strong>\u00e0 un <\/strong><em><strong>enseignement&nbsp;de&nbsp;qualit\u00e9<\/strong><\/em><\/h2>\n\n\n\n<p><strong>L&#8217;inscription \u00e0 l&#8217;ann\u00e9e de 15\u20ac \u00e0 l&#8217;Association Le Cercle et Le Carr\u00e9<\/strong> est obligatoire pour participer aux activit\u00e9s de l&#8217;Association, notamment de sa <strong>branche YMAA Paris Nord<\/strong>, ainsi que l&#8217;<strong>inscription f\u00e9d\u00e9rale de 35\u20ac pour la <a href=\"https:\/\/lecercleetlecarre.fr\/index.php\/la-licence-federale-ffaemc\/\">Licence FFAEMC<\/a><\/strong>, si vous n&#8217;en \u00eates pas d\u00e9j\u00e0 titulaire.<\/p>\n\n\n\n<p>En&nbsp;<strong>inscription \u00e0 la carte<\/strong> (&#8220;sans engagement&#8221;), chaque s\u00e9minaire est propos\u00e9 au prix de&nbsp;<strong>180 \u20ac<\/strong>&#8230; sous r\u00e9serve de place disponible : la priorit\u00e9 d&#8217;inscription sera donn\u00e9e \u00e0 celles et ceux qui s&#8217;inscrivent en cursus complet.<\/p>\n\n\n\n<p>En\u00a0<strong>inscription en cursus complet<\/strong> (&#8220;forfait avec engagement sur 3 ans&#8221;), une remise substantielle sera accord\u00e9e, pour chaque ann\u00e9e d&#8217;inscription, et dans le cadre d&#8217;une seule et m\u00eame ann\u00e9e scolaire. Pour l&#8217;ann\u00e9e scolaire 2024-2025, la remise sera sous la forme de\u00a0<strong><em>2\u00a0s\u00e9minaires de week-end du cursus de Q\u00ecg\u014dng<\/em><\/strong> <strong><em>offerts<\/em>, \u00e0 partir du 5\u00e8me s\u00e9minaire effectivement pay\u00e9<\/strong>, soit un co\u00fbt total \u00e0 l&#8217;ann\u00e9e de <strong>seulement 900 \u20ac<\/strong> <strong>pour 7 s\u00e9minaires<\/strong> allant de septembre 2024 \u00e0 septembre 2025.<\/p>\n\n\n\n<h2 class=\"wp-block-heading\"><span style=\"text-decoration: underline;\">L&#8217;intervenant<\/span> <strong>: Laurent, <em>Full Instructor&nbsp;<\/em>(Niveau 2) en&nbsp;q\u00ecg\u014dng YMAA<\/strong><\/h2>\n\n\n<div class=\"wp-block-image\">\n<figure class=\"aligncenter size-large is-resized\"><img loading=\"lazy\" decoding=\"async\" width=\"768\" height=\"1024\" src=\"https:\/\/lecercleetlecarre.fr\/wp-content\/uploads\/2023\/09\/LM-YJM-07-2023-768x1024.jpeg\" alt=\"\" class=\"wp-image-3794\" style=\"width:257px;height:342px\" srcset=\"https:\/\/lecercleetlecarre.fr\/wp-content\/uploads\/2023\/09\/LM-YJM-07-2023-768x1024.jpeg 768w, https:\/\/lecercleetlecarre.fr\/wp-content\/uploads\/2023\/09\/LM-YJM-07-2023-225x300.jpeg 225w, https:\/\/lecercleetlecarre.fr\/wp-content\/uploads\/2023\/09\/LM-YJM-07-2023-1152x1536.jpeg 1152w, https:\/\/lecercleetlecarre.fr\/wp-content\/uploads\/2023\/09\/LM-YJM-07-2023-676x901.jpeg 676w, https:\/\/lecercleetlecarre.fr\/wp-content\/uploads\/2023\/09\/LM-YJM-07-2023.jpeg 1536w\" sizes=\"auto, (max-width: 768px) 100vw, 768px\" \/><figcaption class=\"wp-element-caption\">Laurent et Ma\u00eetre Y\u00e1ng \u00e0 <em>Y\u00e1ng Family Heights<\/em> (\u00e9t\u00e9 2023)<\/figcaption><\/figure>\n<\/div>\n\n\n<p>Pour&nbsp;<strong>garantir la qualit\u00e9 de la transmission des enseignements de Ma\u00eetre Y\u00e1ng<\/strong>, ce dernier a \u00e9tabli un syst\u00e8me de&nbsp;<strong>tests de qualification qu\u2019il fait passer personnellement <\/strong>aux candidats souhaitant attester d\u2019un niveau suffisant de compr\u00e9hension et de profondeur de pratique, permettant d\u2019enseigner le&nbsp;q\u00ecg\u014dng YMAA, et apr\u00e8s avoir suivi l\u2019int\u00e9gralit\u00e9 des s\u00e9minaires couvrant les 8 Niveaux d\u2019enseignement ; ce syst\u00e8me d\u00e9cerne 3 grades :<\/p>\n\n\n\n<p>\u2013&nbsp;<strong>Instructeur Niveau 1<\/strong> en&nbsp;q\u00ecg\u014dng YMAA (<em>Assistant Instructeur<\/em>) : c\u2019est le moment du fameux test avec Ma\u00eetre&nbsp;Y\u00e1ng\u2026 qui cuisine le candidat jusqu\u2019\u00e0 ce qu\u2019il ne puisse plus r\u00e9pondre, afin de sonder l\u2019\u00e9tendue de son niveau (c\u2019est toujours un grand moment, riche en \u00e9motions !)<\/p>\n\n\n\n<p>\u2013&nbsp;<strong>Instructeur<\/strong>&nbsp;<strong>Niveau 2<\/strong> en&nbsp;q\u00ecg\u014dng YMAA (<em>Full Instructor<\/em>) : ce grade est d\u00e9sormais d\u00e9cern\u00e9 soit apr\u00e8s 10 ann\u00e9es d\u2019enseignement du&nbsp;q\u00ecg\u014dng YMAA, soit suite \u00e0 un second test, en fonction de l\u2019appr\u00e9ciation de Ma\u00eetre&nbsp;Y\u00e1ng&nbsp;(il n\u2019y en a, en 2023, que 5 dans le monde)<\/p>\n\n\n\n<p>\u2013&nbsp;<strong>Instructeur<\/strong> <strong>Niveau 3<\/strong> en q\u00ecg\u014dng YMAA (<em>Ma\u00eetre<\/em>) :&nbsp;ce grade est d\u00e9sormais d\u00e9cern\u00e9 apr\u00e8s la production et la publication de 3 articles de bon niveau sur le q\u00ecg\u014dng faisant le pont entre les connaissances traditionnelles chinoises et les connaissances scientifiques occidentales du corps, et entre 5 et 10 ann\u00e9es d\u2019enseignement suppl\u00e9mentaires du&nbsp;q\u00ecg\u014dng YMAA \u00e0 la suite du test, et toujours en fonction de l\u2019appr\u00e9ciation de Ma\u00eetre&nbsp;Y\u00e1ng (il n\u2019y en a, en 2023, que 3 dans le monde)<\/p>\n\n\n\n<p>La liste exhaustive (r\u00e9guli\u00e8rement mise \u00e0 jour) des personnes qualifi\u00e9es par&nbsp;Ma\u00eetre Y\u00e1ng en&nbsp;q\u00ecg\u014dng est <a href=\"https:\/\/ymaainternational.com\/instructors\/\" data-type=\"link\" data-id=\"https:\/\/ymaainternational.com\/instructors\/\">consultable ici<\/a>.<\/p>\n\n\n<div class=\"wp-block-image is-style-rounded\">\n<figure class=\"aligncenter size-large is-resized\"><img loading=\"lazy\" decoding=\"async\" width=\"1024\" height=\"768\" src=\"https:\/\/lecercleetlecarre.fr\/wp-content\/uploads\/2023\/09\/IMG_1805-1024x768.jpeg\" alt=\"\" class=\"wp-image-3799\" style=\"width:643px;height:482px\" title=\"\" srcset=\"https:\/\/lecercleetlecarre.fr\/wp-content\/uploads\/2023\/09\/IMG_1805-1024x768.jpeg 1024w, https:\/\/lecercleetlecarre.fr\/wp-content\/uploads\/2023\/09\/IMG_1805-300x225.jpeg 300w, https:\/\/lecercleetlecarre.fr\/wp-content\/uploads\/2023\/09\/IMG_1805-768x576.jpeg 768w, https:\/\/lecercleetlecarre.fr\/wp-content\/uploads\/2023\/09\/IMG_1805-1536x1152.jpeg 1536w, https:\/\/lecercleetlecarre.fr\/wp-content\/uploads\/2023\/09\/IMG_1805-676x507.jpeg 676w, https:\/\/lecercleetlecarre.fr\/wp-content\/uploads\/2023\/09\/IMG_1805.jpeg 2048w\" sizes=\"auto, (max-width: 1024px) 100vw, 1024px\" \/><figcaption class=\"wp-element-caption\">Entra\u00eenement d&#8217;\u00e9t\u00e9 chez Ma\u00eetre Y\u00e1ng (<em>Y\u00e1ng Family Heights<\/em>), en 2023 avec les habitu\u00e9s qui viennent le voir depuis des ann\u00e9es&#8230;<\/figcaption><\/figure>\n<\/div>\n\n\n<p>Les participants ayant suivi l\u2019int\u00e9gralit\u00e9 du cursus auront, pour celles et ceux qui le souhaitent, la possibilit\u00e9 de&nbsp;<strong>passer le test de qualification au grade d\u2019Assistant Instructeur YMAA en q\u00ecg\u014dng<\/strong>. L&#8217;<strong>intervenants charg\u00e9 d\u2019animer les s\u00e9minaires de week-end<\/strong>&nbsp;est Full Instructor&nbsp;en&nbsp;q\u00ecg\u014dng YMAA : <strong>Laurent MAGNE<\/strong>, \u00e0 l\u2019initiative de ce cursus d\u2019une vingtaine de week-ends. Laurent a suivi des s\u00e9minaires avec Ma\u00eetre&nbsp;Y\u00e1ng d\u00e8s 1999, ce que ce dernier lui a rappel\u00e9 (\u00e0 sa grande surprise\u2026 \u00e7a ne nous rajeunit pas !) lorsqu\u2019il lui remit son dipl\u00f4me d\u2019Assistant Instructor en&nbsp;q\u00ecg\u014dng en 2015, puis de Full Instructor en 2023 ! Laurent est d\u00e9sormais le directeur de l&#8217;\u00e9cole <strong><a rel=\"noreferrer noopener\" href=\"https:\/\/lecercleetlecarre.fr\/index.php\/ecole-ymaa-paris-nord\/\" target=\"_blank\">YMAA Paris Nord<\/a><\/strong>.<\/p>\n","protected":false},"excerpt":{"rendered":"<p>Les lieux et horaires : des s\u00e9minaires de week-end en plein c\u0153ur de Paris ! Les week-ends auront lieu&nbsp;\u00e0 Paris, les samedi et dimanche de 9h30 (pr\u00e9cise) \u00e0 18h (environ) &hellip; <a href=\"https:\/\/lecercleetlecarre.fr\/index.php\/intervenants-lieux-horaires-et-tarifs-des-seminaires-ymaa-paris-nord\/\" class=\"more-link\">Lire la suite de <span class=\"screen-reader-text\">Lieux, horaires, tarifs et intervenants des s\u00e9minaires YMAA Paris Nord<\/span><\/a><\/p>\n","protected":false},"author":3,"featured_media":0,"parent":0,"menu_order":0,"comment_status":"closed","ping_status":"closed","template":"","meta":{"_s2mail":"yes","_EventAllDay":false,"_EventTimezone":"","_EventStartDate":"","_EventEndDate":"","_EventStartDateUTC":"","_EventEndDateUTC":"","_EventShowMap":false,"_EventShowMapLink":false,"_EventURL":"","_EventCost":"","_EventCostDescription":"","_EventCurrencySymbol":"","_EventCurrencyCode":"","_EventCurrencyPosition":"","_EventDateTimeSeparator":"","_EventTimeRangeSeparator":"","_EventOrganizerID":[],"_EventVenueID":[],"_OrganizerEmail":"","_OrganizerPhone":"","_OrganizerWebsite":"","_VenueAddress":"","_VenueCity":"","_VenueCountry":"","_VenueProvince":"","_VenueState":"","_VenueZip":"","_VenuePhone":"","_VenueURL":"","_VenueStateProvince":"","_VenueLat":"","_VenueLng":"","_VenueShowMap":false,"_VenueShowMapLink":false,"footnotes":""},"class_list":["post-419","page","type-page","status-publish","hentry"],"_links":{"self":[{"href":"https:\/\/lecercleetlecarre.fr\/index.php\/wp-json\/wp\/v2\/pages\/419","targetHints":{"allow":["GET"]}}],"collection":[{"href":"https:\/\/lecercleetlecarre.fr\/index.php\/wp-json\/wp\/v2\/pages"}],"about":[{"href":"https:\/\/lecercleetlecarre.fr\/index.php\/wp-json\/wp\/v2\/types\/page"}],"author":[{"embeddable":true,"href":"https:\/\/lecercleetlecarre.fr\/index.php\/wp-json\/wp\/v2\/users\/3"}],"replies":[{"embeddable":true,"href":"https:\/\/lecercleetlecarre.fr\/index.php\/wp-json\/wp\/v2\/comments?post=419"}],"version-history":[{"count":36,"href":"https:\/\/lecercleetlecarre.fr\/index.php\/wp-json\/wp\/v2\/pages\/419\/revisions"}],"predecessor-version":[{"id":4888,"href":"https:\/\/lecercleetlecarre.fr\/index.php\/wp-json\/wp\/v2\/pages\/419\/revisions\/4888"}],"wp:attachment":[{"href":"https:\/\/lecercleetlecarre.fr\/index.php\/wp-json\/wp\/v2\/media?parent=419"}],"curies":[{"name":"wp","href":"https:\/\/api.w.org\/{rel}","templated":true}]}}