{"id":507,"date":"2018-12-02T15:47:12","date_gmt":"2018-12-02T14:47:12","guid":{"rendered":"https:\/\/lecercleetlecarre.wordpress.com\/?page_id=507"},"modified":"2023-11-21T14:05:42","modified_gmt":"2023-11-21T13:05:42","slug":"maitre-li-junfeng-et-son-ecole-la-meditation-shengzhen","status":"publish","type":"page","link":"https:\/\/lecercleetlecarre.fr\/index.php\/maitre-li-junfeng-et-son-ecole-la-meditation-shengzhen\/","title":{"rendered":"L\u01d0 J\u00f9nf\u0113ng et son \u00e9cole : Sh\u00e8ng Zh\u0113n Meditation"},"content":{"rendered":"<div class=\"wp-block-image\">\n<figure class=\"aligncenter size-large\"><img loading=\"lazy\" decoding=\"async\" width=\"500\" height=\"455\" src=\"https:\/\/lecercleetlecarre.fr\/wp-content\/uploads\/2021\/06\/Teacher_li_descending-3f2e1.jpg\" alt=\"\" class=\"wp-image-2886\" srcset=\"https:\/\/lecercleetlecarre.fr\/wp-content\/uploads\/2021\/06\/Teacher_li_descending-3f2e1.jpg 500w, https:\/\/lecercleetlecarre.fr\/wp-content\/uploads\/2021\/06\/Teacher_li_descending-3f2e1-300x273.jpg 300w\" sizes=\"auto, (max-width: 500px) 100vw, 500px\" \/><\/figure>\n<\/div>\n\n\n<p><\/p>\n\n\n\n<p class=\"has-medium-font-size\"><a href=\"https:\/\/shengzhen.org\/master-li-junfeng\/\">L\u01d0\u00a0J\u00f9nf\u0113ng<\/a> (\u674e\u4fca\u5cf0) est un pratiquant d&#8217;arts martiaux chinois, qui sera l&#8217;un des plus prestigieux <strong>entra\u00eeneurs de l&#8217;\u00e9quipe de Wushu de P\u00e9kin<\/strong>, ainsi que <strong>coach national&#8230; r\u00e9put\u00e9 efficace, mais s\u00e9v\u00e8re<\/strong> !<\/p>\n\n\n<div class=\"wp-block-image\">\n<figure class=\"aligncenter size-large is-resized\"><img loading=\"lazy\" decoding=\"async\" width=\"480\" height=\"360\" src=\"https:\/\/lecercleetlecarre.fr\/wp-content\/uploads\/2018\/12\/ljf-wushu-coach.jpg\" alt=\"\" class=\"wp-image-568\" style=\"width:-82px;height:-61px\" srcset=\"https:\/\/lecercleetlecarre.fr\/wp-content\/uploads\/2018\/12\/ljf-wushu-coach.jpg 480w, https:\/\/lecercleetlecarre.fr\/wp-content\/uploads\/2018\/12\/ljf-wushu-coach-300x225.jpg 300w\" sizes=\"auto, (max-width: 480px) 100vw, 480px\" \/><\/figure>\n<\/div>\n\n\n<p><\/p>\n\n\n\n<p class=\"has-medium-font-size\">Il deviendra m\u00eame un <strong>acteur connu en Chine de films de &#8220;kungfu&#8221;<\/strong>&#8230; mais la gloire et la renomm\u00e9e, associ\u00e9es \u00e0 un fort stress, ne pouvaient le satisfaire et combler un vide qu&#8217;il sentait en lui-m\u00eame, malgr\u00e9 le succ\u00e8s social et mat\u00e9riel.<\/p>\n\n\n<div class=\"wp-block-image\">\n<figure class=\"aligncenter size-large\"><img loading=\"lazy\" decoding=\"async\" width=\"218\" height=\"240\" src=\"https:\/\/lecercleetlecarre.fr\/wp-content\/uploads\/2021\/06\/LJF-Dong-Feng-movie.jpg\" alt=\"\" class=\"wp-image-2887\"\/><\/figure>\n<\/div>\n\n\n<p><\/p>\n\n\n\n<p class=\"has-medium-font-size\">Son C\u0153ur aspirait \u00e0 autre chose : <strong>la part Spirituelle de son \u00eatre l&#8217;appelait<\/strong>. C&#8217;est pour cela qu&#8217;il continuera \u00e0 approfondir les pratiques \u00e9nerg\u00e9tiques et spirituelles avec de nombreux Ma\u00eetres,\u00a0tel que Zh\u0101ng Gu\u01cengd\u00e9 (\u5f20\u5e7f\u5fb7), avec qui il d\u00e9couvrit le Q\u00ecg\u014dng modernis\u00e9.<\/p>\n\n\n\n<p class=\"has-medium-font-size\">\u00c0 l&#8217;apog\u00e9e de sa renomm\u00e9e, il re\u00e7ut un jour la <strong>visite, de fa\u00e7on assez inopin\u00e9e, d&#8217;un Ma\u00eetre de Q\u00ecg\u014dng de la campagne chinoise<\/strong>, venu sp\u00e9cialement pour <strong>lui transmettre un message<\/strong> qu&#8217;il avait re\u00e7u&#8230; lors d&#8217;une ses m\u00e9ditations ! La visite durera \u00e0 peine plus d&#8217;une heure, mais il lui transmettra <strong>plusieurs pratiques fondamentales qui changeront la vie de Ma\u00eetre&nbsp;L\u01d0 \u00e0 tout jamais !<\/strong>&nbsp;Ces pratiques \u00e9taient un moyen d&#8217;acc\u00e8s \u00e0 d&#8217;autres dimensions de son \u00catre et \u00e0 m\u00eame de l&#8217;aider \u00e0 cultiver sa relation avec le Ciel et le divin sous toutes ses formes. Ses anciens \u00e9l\u00e8ves ne reconnaissaient plus l&#8217;entra\u00eeneur s\u00e9v\u00e8re et aust\u00e8re qu&#8217;ils avaient connu autrefois, pour <strong>laisser place \u00e0 une nouvelle personne ouverte et aimante<\/strong>&#8230;<br><\/p>\n\n\n<div class=\"wp-block-image\">\n<figure class=\"aligncenter size-large\"><img loading=\"lazy\" decoding=\"async\" width=\"512\" height=\"136\" src=\"https:\/\/lecercleetlecarre.fr\/wp-content\/uploads\/2021\/06\/2021_SZ_LogoSlogan_512.jpg\" alt=\"\" class=\"wp-image-2888\" srcset=\"https:\/\/lecercleetlecarre.fr\/wp-content\/uploads\/2021\/06\/2021_SZ_LogoSlogan_512.jpg 512w, https:\/\/lecercleetlecarre.fr\/wp-content\/uploads\/2021\/06\/2021_SZ_LogoSlogan_512-300x80.jpg 300w\" sizes=\"auto, (max-width: 512px) 100vw, 512px\" \/><\/figure>\n<\/div>\n\n\n<p><\/p>\n\n\n\n<h2 class=\"wp-block-heading\">La r\u00e9volution\u00a0<strong>Sh\u00e8ng Zh\u0113n : de la pratique du corps \u00e0 celle du C\u0153ur et de l&#8217;Esprit<\/strong><\/h2>\n\n\n<div class=\"wp-block-image\">\n<figure class=\"aligncenter size-large is-resized\"><img loading=\"lazy\" decoding=\"async\" width=\"480\" height=\"479\" src=\"https:\/\/lecercleetlecarre.fr\/wp-content\/uploads\/2021\/06\/DSC05353-3.jpg\" alt=\"\" class=\"wp-image-2889\" style=\"width:303px;height:302px\" srcset=\"https:\/\/lecercleetlecarre.fr\/wp-content\/uploads\/2021\/06\/DSC05353-3.jpg 480w, https:\/\/lecercleetlecarre.fr\/wp-content\/uploads\/2021\/06\/DSC05353-3-300x300.jpg 300w, https:\/\/lecercleetlecarre.fr\/wp-content\/uploads\/2021\/06\/DSC05353-3-150x150.jpg 150w\" sizes=\"auto, (max-width: 480px) 100vw, 480px\" \/><\/figure>\n<\/div>\n\n\n<p><\/p>\n\n\n\n<p class=\"has-medium-font-size\">Ma\u00eetre L\u01d0, ou plut\u00f4t devrais-je dire <strong>Teacher\u00a0L\u01d0<\/strong> (il n&#8217;aime pas qu&#8217;on l&#8217;appelle <strong><a rel=\"noreferrer noopener\" href=\"https:\/\/lecercleetlecarre.fr\/index.php\/nos-maitres\/\" target=\"_blank\">Ma\u00eetre<\/a><\/strong>), ouvrira, \u00e0 partir de 1990, la voie <strong>Sh\u00e8ng Zh\u0113n<\/strong> (\u8056\u771e), qui signifie &#8220;<em>la plus haute v\u00e9rit<\/em>\u00e9&#8221;, &#8220;<em><strong>la v\u00e9rit\u00e9 sacr\u00e9e<\/strong><\/em>&#8221; ! Quelle est donc cette V\u00e9rit\u00e9 ? C&#8217;est <strong>l&#8217;Amour inconditionnel\u00a0<\/strong>: l&#8217;Amour de tout et de tous, sans aucune condition (nous sommes donc dans le domaine du <strong>W\u00faj\u00ed, \u7121\u6975<\/strong>), tout le temps et partout&#8230; l&#8217;<strong>Amour divin<\/strong> qui d\u00e9passe largement l&#8217;amour \u00e9go\u00efste et conditionnel humain, que nous connaissons bien : &#8220;<em>je t&#8217;aime parce que<\/em>&#8221; ou &#8220;<em>je t&#8217;aime lorsque\/si<\/em>&#8221; vs.\u00a0&#8220;<em>je t&#8217;Aime peu importe les circonstance<\/em>s&#8221;.\u00a0L&#8217;Amour inconditionnel nous emm\u00e8ne <strong>au-del\u00e0 de l&#8217;humaine condition<\/strong>\u00a0et fait qu&#8217;il n&#8217;y a plus de raison de nous opposer \u00e0 (conflit, se battre, etc.) : il nous pousse \u00e0 transcender notre condition humaine pour <strong>\u00e9lever notre C\u0153ur et notre Esprit<\/strong>. Il ne tient qu&#8217;\u00e0 nous de faire un (ou plusieurs) pas dans cette direction&#8230; La pratique de la <strong><a rel=\"noreferrer noopener\" href=\"https:\/\/lecercleetlecarre.fr\/index.php\/meditation-sheng-zhen\/\" target=\"_blank\">M\u00e9ditation Sh\u00e8ng Zh\u0113n<\/a><\/strong> est l\u00e0 pour nous y aider, en douceur et en profondeur.<\/p>\n\n\n<div class=\"wp-block-image\">\n<figure class=\"aligncenter size-large\"><img loading=\"lazy\" decoding=\"async\" width=\"474\" height=\"500\" src=\"https:\/\/lecercleetlecarre.fr\/wp-content\/uploads\/2018\/12\/ljf-sz-wuji-yuan-gong.jpg\" alt=\"\" class=\"wp-image-588\" srcset=\"https:\/\/lecercleetlecarre.fr\/wp-content\/uploads\/2018\/12\/ljf-sz-wuji-yuan-gong.jpg 474w, https:\/\/lecercleetlecarre.fr\/wp-content\/uploads\/2018\/12\/ljf-sz-wuji-yuan-gong-284x300.jpg 284w\" sizes=\"auto, (max-width: 474px) 100vw, 474px\" \/><\/figure>\n<\/div>\n\n\n<p><\/p>\n\n\n\n<p class=\"has-medium-font-size\"><strong>Cultiver l&#8217;Amour et non l&#8217;Ego<\/strong> : permettre le <strong>retour \u00e0 l&#8217;Unit\u00e9<\/strong> de l&#8217;Humanit\u00e9 (une seule famille indivisible et paisible, unie par l&#8217;Amour), plut\u00f4t que de s\u00e9parer les Hommes les uns des autres (concurrence dans le monde mat\u00e9riel, conflits, ennemis, haine&#8230;).\u00a0En ce sens, la\u00a0<strong>M\u00e9ditation\u00a0Sh\u00e8ng Zh\u0113n<\/strong>\u00a0(<strong>\u8056\u771e<\/strong>) d\u00e9passe largement la pratique du\u00a0Q\u00ecg\u014dng de sant\u00e9, car l&#8217;<strong>objectif<\/strong> est diff\u00e9rent : il est\u00a0<strong>Spirituel<\/strong>. Il s&#8217;agit de <strong>changer nos habitudes et d&#8217;ouvrir les C\u0153urs !<\/strong>\u00a0D\u00e9j\u00e0 les n\u00f4tres, mais aussi, graduellement, ceux de nos semblables&#8230; qui sont tous et toutes nos fr\u00e8res et s\u0153urs.\u00a0<\/p>\n\n\n\n<p class=\"has-medium-font-size\">De plus, suite \u00e0 de <strong>nombreux scandales en Chine<\/strong> o\u00f9 de <strong>faux ma\u00eetres de &#8220;Q\u00ecg\u014dng&#8221;<\/strong> s&#8217;attribuaient des &#8220;pouvoirs magiques&#8221; (\u00e0 l&#8217;aide de tours d&#8217;illusionnistes, afin de susciter l&#8217;engouement des foules et de s&#8217;attirer renomm\u00e9e, argent, pouvoir&#8230;), Teacher L\u01d0 d\u00e9cidera d&#8217;<strong>abandonner le terme, d\u00e9sormais beaucoup trop connot\u00e9 l\u00e0-bas, de&nbsp;<a rel=\"noreferrer noopener\" href=\"https:\/\/lecercleetlecarre.fr\/index.php\/qi-gong\/\" target=\"_blank\">Q\u00ecg\u014dng<\/a><\/strong>&nbsp;pour d\u00e9signer la pratique du Sh\u00e8ng Zh\u0113n. En effet, si le q\u00ec vient de l&#8217;Amour, <strong>ce qui est donc premier et plus important encore, c&#8217;est l&#8217;Amour<\/strong>&nbsp;et non seulement le corps. L&#8217;Amour est l&#8217;essence de toute Spiritualit\u00e9 : c&#8217;est ce vers quoi nous emm\u00e8ne la <strong><a rel=\"noreferrer noopener\" href=\"https:\/\/lecercleetlecarre.fr\/index.php\/meditation-sheng-zhen\/\" target=\"_blank\">M\u00e9ditation Sh\u00e8ng Zh\u0113n<\/a><\/strong>.<\/p>\n","protected":false},"excerpt":{"rendered":"<p>L\u01d0\u00a0J\u00f9nf\u0113ng (\u674e\u4fca\u5cf0) est un pratiquant d&#8217;arts martiaux chinois, qui sera l&#8217;un des plus prestigieux entra\u00eeneurs de l&#8217;\u00e9quipe de Wushu de P\u00e9kin, ainsi que coach national&#8230; r\u00e9put\u00e9 efficace, mais s\u00e9v\u00e8re ! &hellip; <a href=\"https:\/\/lecercleetlecarre.fr\/index.php\/maitre-li-junfeng-et-son-ecole-la-meditation-shengzhen\/\" class=\"more-link\">Lire la suite de <span class=\"screen-reader-text\">L\u01d0 J\u00f9nf\u0113ng et son \u00e9cole : Sh\u00e8ng Zh\u0113n Meditation<\/span><\/a><\/p>\n","protected":false},"author":3,"featured_media":586,"parent":0,"menu_order":0,"comment_status":"closed","ping_status":"closed","template":"","meta":{"_s2mail":"yes","_EventAllDay":false,"_EventTimezone":"","_EventStartDate":"","_EventEndDate":"","_EventStartDateUTC":"","_EventEndDateUTC":"","_EventShowMap":false,"_EventShowMapLink":false,"_EventURL":"","_EventCost":"","_EventCostDescription":"","_EventCurrencySymbol":"","_EventCurrencyCode":"","_EventCurrencyPosition":"","_EventDateTimeSeparator":"","_EventTimeRangeSeparator":"","_EventOrganizerID":[],"_EventVenueID":[],"_OrganizerEmail":"","_OrganizerPhone":"","_OrganizerWebsite":"","_VenueAddress":"","_VenueCity":"","_VenueCountry":"","_VenueProvince":"","_VenueState":"","_VenueZip":"","_VenuePhone":"","_VenueURL":"","_VenueStateProvince":"","_VenueLat":"","_VenueLng":"","_VenueShowMap":false,"_VenueShowMapLink":false,"footnotes":""},"class_list":["post-507","page","type-page","status-publish","has-post-thumbnail","hentry"],"_links":{"self":[{"href":"https:\/\/lecercleetlecarre.fr\/index.php\/wp-json\/wp\/v2\/pages\/507","targetHints":{"allow":["GET"]}}],"collection":[{"href":"https:\/\/lecercleetlecarre.fr\/index.php\/wp-json\/wp\/v2\/pages"}],"about":[{"href":"https:\/\/lecercleetlecarre.fr\/index.php\/wp-json\/wp\/v2\/types\/page"}],"author":[{"embeddable":true,"href":"https:\/\/lecercleetlecarre.fr\/index.php\/wp-json\/wp\/v2\/users\/3"}],"replies":[{"embeddable":true,"href":"https:\/\/lecercleetlecarre.fr\/index.php\/wp-json\/wp\/v2\/comments?post=507"}],"version-history":[{"count":9,"href":"https:\/\/lecercleetlecarre.fr\/index.php\/wp-json\/wp\/v2\/pages\/507\/revisions"}],"predecessor-version":[{"id":4075,"href":"https:\/\/lecercleetlecarre.fr\/index.php\/wp-json\/wp\/v2\/pages\/507\/revisions\/4075"}],"wp:featuredmedia":[{"embeddable":true,"href":"https:\/\/lecercleetlecarre.fr\/index.php\/wp-json\/wp\/v2\/media\/586"}],"wp:attachment":[{"href":"https:\/\/lecercleetlecarre.fr\/index.php\/wp-json\/wp\/v2\/media?parent=507"}],"curies":[{"name":"wp","href":"https:\/\/api.w.org\/{rel}","templated":true}]}}