{"id":2863,"date":"2021-05-21T01:20:09","date_gmt":"2021-05-20T23:20:09","guid":{"rendered":"https:\/\/lecercleetlecarre.fr\/?post_type=tribe_events&#038;p=2863"},"modified":"2026-03-31T20:12:50","modified_gmt":"2026-03-31T18:12:50","slug":"meditation-sheng-zhen","status":"publish","type":"tribe_events","link":"https:\/\/lecercleetlecarre.fr\/index.php\/event\/meditation-sheng-zhen\/","title":{"rendered":"M\u00e9ditation Sh\u00e8ng Zh\u0113n &#8211; Pratique en mouvement de la Contemplation par le C\u0153ur du Ciel et de la Nature"},"content":{"rendered":"<div  class=\"tribe-events-schedule tribe-clearfix\" >\n\t<p class=\"tribe-events-schedule__datetime\">\n\t\t<span class=\"tribe-events-schedule__date tribe-events-schedule__date--start\">\n\t\t\t28 f\u00e9vrier 2026\t\t<\/span>\n\n\t\t\n\t\t\t\t\t\t\t\t\t<span class=\"tribe-events-schedule__separator tribe-events-schedule__separator--time\">\n\t\t\t\t\t &#8211; \t\t\t\t<\/span>\n\t\t\t\n\t\t\t\t\t\t\t<span class=\"tribe-events-schedule__date tribe-events-schedule__date--end\">\n\t\t\t\t\t1 mars 2026\t\t\t\t<\/span>\n\n\t\t\t\t\n\t\t\t\n\t\t\t\t\t\t<\/p>\n<\/div>\n\n\n\n<p>Venez d\u00e9couvrir la M\u00e9ditation Sh\u00e8ng Zh\u0113n, <strong>dans l&#8217;immobilit\u00e9 et le mouvement<\/strong>, pour <strong>relaxer le Corps<\/strong>, <strong>apaiser le Mental<\/strong> et <strong>ouvrir le C\u0153ur<\/strong> de l&#8217;humanit\u00e9 \u00e0 l&#8217;Esprit de l&#8217;Amour Inconditionnel par une <strong>pratique fluide, ouverte et joyeuse<\/strong>. Comme \u00e0 chaque fois, nous pratiquerons <strong>tout ou partie des \u00e9tapes n\u00b01<\/strong> (<em>Union des Trois C\u0153urs<\/em> et Rassembler le q\u00ec pour <em>Purifier le C\u0153ur<\/em>) <strong>et n\u00b02<\/strong> (<em>\u00c9veiller l&#8217;\u00e2me<\/em> et <em>Gu\u00e9rison Sh\u00e8ng Zh\u0113n<\/em> \u00e9tape n\u00b01). Nous compl\u00e8terons \u00e9galement par la forme statique assise de l&#8217;\u00e9tape n\u00b03 : <em><strong>Le C\u0153ur et l\u2019Esprit ne font qu\u2019Un<\/strong><\/em>.<\/p>\n\n\n\n<p>Dans ce stage, nous pratiquerons plus particuli\u00e8rement une forme mobile debout : <strong>la Contemplation par le C\u0153ur du Ciel et de la Nature<\/strong>. Cette forme de la M\u00e9ditation Sh\u00e8ng Zh\u0113n se compose de <strong>10 mouvements gracieux<\/strong> (normalement faits debout, mais pouvant \u00eatre adapt\u00e9s sur une chaise), associ\u00e9s \u00e0 des <strong>contemplations<\/strong>, qui permettent d&#8217;en approfondir le sens v\u00e9cu. Cette m\u00e9ditation Ciel-Nature permet de<strong>faire l&#8217;exp\u00e9rience du caract\u00e8re sacr\u00e9 de notre corps<\/strong>, qui est consid\u00e9r\u00e9 comme notre embarcation dans notre voyage vers l&#8217;Amour. La <strong>gr\u00e2ce <\/strong>qui se d\u00e9veloppe par cette pratique est un reflet de la compassion qui se r\u00e9v\u00e8le <strong>lorsque le C\u0153ur est ouvert<\/strong>. Cette pratique est b\u00e9n\u00e9fique pour tous et est tout particuli\u00e8rement indiqu\u00e9e pour les femmes enceintes, parce qu&#8217;elle aide \u00e0 d\u00e9velopper une forte compr\u00e9hension de l&#8217;Amour et \u00e0 s&#8217;adapter au changement.<\/p>\n\n\n<div  class=\"tribe-block tribe-block__event-price\" >\n\t\t\t<span class=\"tribe-block__event-price__cost\"> 180\u20ac <\/span>\n\t\t<\/div>\n\n\n<div  class=\"tribe-block tribe-block__organizer__details tribe-clearfix\" >\n\t<div class=\"tribe-block__organizer__title\">\n\t\t<h3>Le Cercle et Le Carr\u00e9<\/h3>\n\t<\/div>\n\t\t\t\t<p class=\"tribe-block__organizer__website\"><a href=\"https:\/\/lecercleetlecarre.fr\" target=\"_blank\" rel=\"noopener noreferrer\">Voir le site Organisateur<\/a><\/p>\n\t\t\t\t<p class=\"tribe-block__organizer__email\">c&#111;&#110;&#116;&#097;&#099;&#116;&#064;l&#101;&#099;&#101;rc&#108;ee&#116;&#108;&#101;&#099;a&#114;&#114;e&#046;&#102;r<\/p>\n\t<\/div>\n\n\n<div  class=\"tribe-block tribe-block__venue tribe-clearfix tribe-block__venue--has-map\" >\n\t\n\t\n<div class=\"tribe-block__venue__meta\">\n\t<div class=\"tribe-block__venue__name\">\n\t\t<h3>Centre Anima<\/h3>\n\t<\/div>\n\n\t\n\t\t\t\t\t\t<address class=\"tribe-block__venue__address\">\n\t\t\t\t<span class=\"tribe-address\">\n\n<span class=\"tribe-street-address\">31, rue de Maubeuge<\/span>\n\t\n\t\t<br>\n\t\t<span class=\"tribe-locality\">PARIS<\/span><span class=\"tribe-delimiter\">,<\/span>\n\n\n\t<span class=\"tribe-postal-code\">75009<\/span>\n\n\t<span class=\"tribe-country-name\">France<\/span>\n\n<\/span>\n\n\t\t\t\t\t\t\t\t\t<a class=\"tribe-events-gmap\" href=\"https:\/\/maps.google.com\/maps?f=q&#038;source=s_q&#038;hl=en&#038;geocode=&#038;q=31%2C+rue+de+Maubeuge+PARIS+75009+France\" title=\"Cliquez pour voir une carte Google Map\" target=\"_blank\" rel=\"noreferrer noopener\">+ Google Map<\/a>\t\t\t\t\t\t\t<\/address>\n\t\t\n\t\t\n\t\t\t\t\t<span class=\"tribe-block__venue__website\"><a href=\"https:\/\/www.centreanima.com\/\" target=\"_self\" rel=\"external\">Voir Lieu site web<\/a><\/span><br \/>\n\t\t\t\n\t<\/div>\n\t\n<div class=\"tribe-block__venue__map\">\n\t\n<iframe loading=\"lazy\"\n  title=\"L\u2018iframe Google maps affichant l\u2019adresse \u00e0 Centre Anima\"\n  aria-label=\"Plan des lieux\"\n  width=\"310px\"\n  height=\"256px\"\n  frameborder=\"0\" style=\"border:0\"\n  src=\"https:\/\/www.google.com\/maps\/embed\/v1\/place?key=AIzaSyDNsicAsP6-VuGtAb1O9riI3oc_NOb7IOU&#038;q=31%2C+rue+de+Maubeuge+PARIS+75009+France+&#038;zoom=10\" allowfullscreen>\n<\/iframe>\n<\/div>\n\n\t<\/div>\n\n\n\n\n\t<div  class=\"tribe-block tribe-block__events-link\" >\n\t\t<div class=\"tribe-events tribe-common\">\n\t\t\t<div class=\"tribe-events-c-subscribe-dropdown__container\">\n\t\t\t\t<div class=\"tribe-events-c-subscribe-dropdown\">\n\t\t\t\t\t<div class=\"tribe-common-c-btn-border tribe-events-c-subscribe-dropdown__button\">\n\t\t\t\t\t\t<svg\n\t class=\"tribe-common-c-svgicon tribe-common-c-svgicon--cal-export tribe-events-c-subscribe-dropdown__export-icon\" \taria-hidden=\"true\"\n\tviewBox=\"0 0 23 17\"\n\txmlns=\"http:\/\/www.w3.org\/2000\/svg\"\n>\n\t<path fill-rule=\"evenodd\" clip-rule=\"evenodd\" d=\"M.128.896V16.13c0 .211.145.383.323.383h15.354c.179 0 .323-.172.323-.383V.896c0-.212-.144-.383-.323-.383H.451C.273.513.128.684.128.896Zm16 6.742h-.901V4.679H1.009v10.729h14.218v-3.336h.901V7.638ZM1.01 1.614h14.218v2.058H1.009V1.614Z\" \/>\n\t<path d=\"M20.5 9.846H8.312M18.524 6.953l2.89 2.909-2.855 2.855\" stroke-width=\"1.2\" stroke-linecap=\"round\" stroke-linejoin=\"round\"\/>\n<\/svg>\n\t\t\t\t\t\t<button\n\t\t\t\t\t\t\tclass=\"tribe-events-c-subscribe-dropdown__button-text\"\n\t\t\t\t\t\t\taria-expanded=\"false\"\n\t\t\t\t\t\t\taria-controls=\"tribe-events-subscribe-dropdown-content\"\n\t\t\t\t\t\t\taria-label=\"Afficher les liens permettant d\u2019ajouter des \u00e9v\u00e8nements \u00e0 votre calendrier\"\n\t\t\t\t\t\t>\n\t\t\t\t\t\t\tAjouter au calendrier\t\t\t\t\t\t<\/button>\n\t\t\t\t\t\t<svg\n\t class=\"tribe-common-c-svgicon tribe-common-c-svgicon--caret-down tribe-events-c-subscribe-dropdown__button-icon\" \taria-hidden=\"true\"\n\tviewBox=\"0 0 10 7\"\n\txmlns=\"http:\/\/www.w3.org\/2000\/svg\"\n>\n\t<path fill-rule=\"evenodd\" clip-rule=\"evenodd\" d=\"M1.008.609L5 4.6 8.992.61l.958.958L5 6.517.05 1.566l.958-.958z\" class=\"tribe-common-c-svgicon__svg-fill\"\/>\n<\/svg>\n\t\t\t\t\t<\/div>\n\t\t\t\t\t<div id=\"tribe-events-subscribe-dropdown-content\" class=\"tribe-events-c-subscribe-dropdown__content\">\n\t\t\t\t\t\t<ul class=\"tribe-events-c-subscribe-dropdown__list\">\n\t\t\t\t\t\t\t\t\t\t\t\t\t\t\t<li class=\"tribe-events-c-subscribe-dropdown__list-item tribe-events-c-subscribe-dropdown__list-item--gcal\">\n\t\t\t\t\t\t\t\t\t<a\n\t\t\t\t\t\t\t\t\t\thref=\"https:\/\/www.google.com\/calendar\/event?action=TEMPLATE&#038;dates=20260228T000000\/20260301T235959&#038;text=M%C3%A9ditation%20Sh%C3%A8ng%20Zh%C4%93n%20%26%238211%3B%20Pratique%20en%20mouvement%20de%20la%20Contemplation%20par%20le%20C%C5%93ur%20du%20Ciel%20et%20de%20la%20Nature&#038;details=%3Cp%3EVenez+d%C3%A9couvrir+la+M%C3%A9ditation+Sh%C3%A8ng+Zh%C4%93n%2C+%3Cstrong%3Edans+l%27immobilit%C3%A9+et+le+mouvement%3C%2Fstrong%3E%2C+pour+%3Cstrong%3Erelaxer+le+Corps%3C%2Fstrong%3E%2C+%3Cstrong%3Eapaiser+le+Mental%3C%2Fstrong%3E+et+%3Cstrong%3Eouvrir+le+C%C5%93ur%3C%2Fstrong%3E+de+l%27humanit%C3%A9+%C3%A0+l%27Esprit+de+l%27Amour+Inconditionnel+par+une+%3Cstrong%3Epratique+fluide%2C+ouverte+et+joyeuse%3C%2Fstrong%3E.+Comme+%C3%A0+chaque+fois%2C+nous+pratiquerons+%3Cstrong%3Etout+ou+partie+des+%C3%A9tapes+n%C2%B01%3C%2Fstrong%3E+%28%3Cem%3EUnion+des+Trois+C%C5%93urs%3C%2Fem%3E+et+Rassembler+le+q%C3%AC+pour+%3Cem%3EPurifier+le+C%C5%93ur%3C%2Fem%3E%29+%3Cstrong%3Eet+n%C2%B02%3C%2Fstrong%3E+%28%3Cem%3E%C3%89veiller+l%27%C3%A2me%3C%2Fem%3E+et+%3Cem%3EGu%C3%A9rison+Sh%C3%A8ng+Zh%C4%93n%3C%2Fem%3E+%C3%A9tape+n%C2%B01%29.+Nous+compl%C3%A8terons+%C3%A9galement+par+la+forme+statique+assise+de+l%27%C3%A9tape+n%C2%B03+%3A+%3Cem%3E%3Cstrong%3ELe+C%C5%93ur+et+l%E2%80%99Esprit+ne+font+qu%E2%80%99Un%3C%2Fstrong%3E%3C%2Fem%3E.%3C%2Fp%3E+%3Cp%3EDans+ce+stage%2C+nous+pratiquerons+plus+particuli%C3%A8rement+une+forme+mobile+debout+%3A+%3Cstrong%3Ela+Contemplation+par+le+C%C5%93ur+du+Ciel+et+de+la+Nature%3C%2Fstrong%3E.+Cette+forme+de+la+M%C3%A9ditation+Sh%C3%A8ng+Zh%C4%93n+se+compose+de+%3Cstrong%3E10+mouvements+%3C%2Fstrong%3E%3C%2Fp%3E%28Voir+toute+la+description+de+%C3%A9v%C3%A8nement+ici%C2%A0%3A+https%3A%2F%2Flecercleetlecarre.fr%2Findex.php%2Fevent%2Fmeditation-sheng-zhen%2F%29&#038;location=Centre%20Anima,%2031,%20rue%20de%20Maubeuge,%20PARIS,%2075009,%20France&#038;trp=false&#038;ctz=Europe\/Paris&#038;sprop=website:https:\/\/lecercleetlecarre.fr\"\n\t\t\t\t\t\t\t\t\t\tclass=\"tribe-events-c-subscribe-dropdown__list-item-link\"\n\t\t\t\t\t\t\t\t\t\ttarget=\"_blank\"\n\t\t\t\t\t\t\t\t\t\trel=\"noopener noreferrer nofollow noindex\"\n\t\t\t\t\t\t\t\t\t>\n\t\t\t\t\t\t\t\t\t\tGoogle Agenda\t\t\t\t\t\t\t\t\t<\/a>\n\t\t\t\t\t\t\t\t<\/li>\n\t\t\t\t\t\t\t\t\t\t\t\t\t\t\t<li class=\"tribe-events-c-subscribe-dropdown__list-item tribe-events-c-subscribe-dropdown__list-item--ical\">\n\t\t\t\t\t\t\t\t\t<a\n\t\t\t\t\t\t\t\t\t\thref=\"\"\n\t\t\t\t\t\t\t\t\t\tclass=\"tribe-events-c-subscribe-dropdown__list-item-link\"\n\t\t\t\t\t\t\t\t\t\ttarget=\"_blank\"\n\t\t\t\t\t\t\t\t\t\trel=\"noopener noreferrer nofollow noindex\"\n\t\t\t\t\t\t\t\t\t>\n\t\t\t\t\t\t\t\t\t\tiCalendar\t\t\t\t\t\t\t\t\t<\/a>\n\t\t\t\t\t\t\t\t<\/li>\n\t\t\t\t\t\t\t\t\t\t\t\t\t\t\t<li class=\"tribe-events-c-subscribe-dropdown__list-item tribe-events-c-subscribe-dropdown__list-item--outlook-365\">\n\t\t\t\t\t\t\t\t\t<a\n\t\t\t\t\t\t\t\t\t\thref=\"\"\n\t\t\t\t\t\t\t\t\t\tclass=\"tribe-events-c-subscribe-dropdown__list-item-link\"\n\t\t\t\t\t\t\t\t\t\ttarget=\"_blank\"\n\t\t\t\t\t\t\t\t\t\trel=\"noopener noreferrer nofollow noindex\"\n\t\t\t\t\t\t\t\t\t>\n\t\t\t\t\t\t\t\t\t\tOutlook 365\t\t\t\t\t\t\t\t\t<\/a>\n\t\t\t\t\t\t\t\t<\/li>\n\t\t\t\t\t\t\t\t\t\t\t\t\t\t\t<li class=\"tribe-events-c-subscribe-dropdown__list-item tribe-events-c-subscribe-dropdown__list-item--outlook-live\">\n\t\t\t\t\t\t\t\t\t<a\n\t\t\t\t\t\t\t\t\t\thref=\"\"\n\t\t\t\t\t\t\t\t\t\tclass=\"tribe-events-c-subscribe-dropdown__list-item-link\"\n\t\t\t\t\t\t\t\t\t\ttarget=\"_blank\"\n\t\t\t\t\t\t\t\t\t\trel=\"noopener noreferrer nofollow noindex\"\n\t\t\t\t\t\t\t\t\t>\n\t\t\t\t\t\t\t\t\t\tOutlook Live\t\t\t\t\t\t\t\t\t<\/a>\n\t\t\t\t\t\t\t\t<\/li>\n\t\t\t\t\t\t\t\t\t\t\t\t\t<\/ul>\n\t\t\t\t\t<\/div>\n\t\t\t\t<\/div>\n\t\t\t<\/div>\n\t\t<\/div>\n\t<\/div>\n\n","protected":false},"excerpt":{"rendered":"<p>Venez d\u00e9couvrir la M\u00e9ditation Sh\u00e8ng Zh\u0113n, dans l&#8217;immobilit\u00e9 et le mouvement, pour relaxer le Corps, apaiser le Mental et ouvrir le C\u0153ur de l&#8217;humanit\u00e9 \u00e0 l&#8217;Esprit de l&#8217;Amour Inconditionnel par &hellip; <a href=\"https:\/\/lecercleetlecarre.fr\/index.php\/event\/meditation-sheng-zhen\/\" class=\"more-link\">Lire la suite de <span class=\"screen-reader-text\">M\u00e9ditation Sh\u00e8ng Zh\u0113n &#8211; Pratique en mouvement de la Contemplation par le C\u0153ur du Ciel et de la Nature<\/span><\/a><\/p>\n","protected":false},"author":3,"featured_media":0,"template":"","meta":{"_s2mail":"yes","_EventAllDay":true,"_EventTimezone":"Europe\/Paris","_EventStartDate":"2026-02-28 00:00:00","_EventEndDate":"2026-03-01 23:59:59","_EventStartDateUTC":"2026-02-27 23:00:00","_EventEndDateUTC":"2026-03-01 22:59:59","_EventShowMap":true,"_EventShowMapLink":true,"_EventURL":"","_EventCost":"180","_EventCostDescription":"","_EventCurrencySymbol":"\u20ac","_EventCurrencyCode":"","_EventCurrencyPosition":"suffix","_EventDateTimeSeparator":" \u00e0 ","_EventTimeRangeSeparator":" - ","_EventOrganizerID":[1182],"_EventVenueID":[1117],"_OrganizerEmail":"","_OrganizerPhone":"","_OrganizerWebsite":"","_VenueAddress":"","_VenueCity":"","_VenueCountry":"","_VenueProvince":"","_VenueState":"","_VenueZip":"","_VenuePhone":"","_VenueURL":"","_VenueStateProvince":"","_VenueLat":"","_VenueLng":"","_VenueShowMap":false,"_VenueShowMapLink":false,"_tribe_events_status":"","_tribe_events_status_reason":"","footnotes":""},"tags":[],"tribe_events_cat":[],"class_list":["post-2863","tribe_events","type-tribe_events","status-publish","hentry"],"_links":{"self":[{"href":"https:\/\/lecercleetlecarre.fr\/index.php\/wp-json\/wp\/v2\/tribe_events\/2863","targetHints":{"allow":["GET"]}}],"collection":[{"href":"https:\/\/lecercleetlecarre.fr\/index.php\/wp-json\/wp\/v2\/tribe_events"}],"about":[{"href":"https:\/\/lecercleetlecarre.fr\/index.php\/wp-json\/wp\/v2\/types\/tribe_events"}],"author":[{"embeddable":true,"href":"https:\/\/lecercleetlecarre.fr\/index.php\/wp-json\/wp\/v2\/users\/3"}],"version-history":[{"count":8,"href":"https:\/\/lecercleetlecarre.fr\/index.php\/wp-json\/wp\/v2\/tribe_events\/2863\/revisions"}],"predecessor-version":[{"id":5297,"href":"https:\/\/lecercleetlecarre.fr\/index.php\/wp-json\/wp\/v2\/tribe_events\/2863\/revisions\/5297"}],"wp:attachment":[{"href":"https:\/\/lecercleetlecarre.fr\/index.php\/wp-json\/wp\/v2\/media?parent=2863"}],"wp:term":[{"taxonomy":"post_tag","embeddable":true,"href":"https:\/\/lecercleetlecarre.fr\/index.php\/wp-json\/wp\/v2\/tags?post=2863"},{"taxonomy":"tribe_events_cat","embeddable":true,"href":"https:\/\/lecercleetlecarre.fr\/index.php\/wp-json\/wp\/v2\/tribe_events_cat?post=2863"}],"curies":[{"name":"wp","href":"https:\/\/api.w.org\/{rel}","templated":true}]}}