{"id":4862,"date":"2025-05-01T11:11:07","date_gmt":"2025-05-01T09:11:07","guid":{"rendered":"https:\/\/lecercleetlecarre.fr\/?post_type=tribe_events&#038;p=4862"},"modified":"2025-05-01T11:13:04","modified_gmt":"2025-05-01T09:13:04","slug":"sur-le-chemin-dusui-sensei","status":"publish","type":"tribe_events","link":"https:\/\/lecercleetlecarre.fr\/index.php\/event\/sur-le-chemin-dusui-sensei\/","title":{"rendered":"Sur le Chemin d&#8217;Usui Sensei"},"content":{"rendered":"<div  class=\"tribe-events-schedule tribe-clearfix\" >\n\t<p class=\"tribe-events-schedule__datetime\">\n\t\t<span class=\"tribe-events-schedule__date tribe-events-schedule__date--start\">\n\t\t\t7 mars 2026\t\t<\/span>\n\n\t\t\n\t\t\t\t\t\t\t\t\t<span class=\"tribe-events-schedule__separator tribe-events-schedule__separator--time\">\n\t\t\t\t\t &#8211; \t\t\t\t<\/span>\n\t\t\t\n\t\t\t\t\t\t\t<span class=\"tribe-events-schedule__date tribe-events-schedule__date--end\">\n\t\t\t\t\t8 mars 2026\t\t\t\t<\/span>\n\n\t\t\t\t\n\t\t\t\n\t\t\t\t\t\t<\/p>\n<\/div>\n\n\n<div class=\"wp-block-image\">\n<figure class=\"aligncenter size-full\"><img loading=\"lazy\" decoding=\"async\" width=\"501\" height=\"349\" src=\"https:\/\/lecercleetlecarre.fr\/wp-content\/uploads\/2019\/10\/Reiki-Usui-Kanjis.jpg\" alt=\"\" class=\"wp-image-1778\" srcset=\"https:\/\/lecercleetlecarre.fr\/wp-content\/uploads\/2019\/10\/Reiki-Usui-Kanjis.jpg 501w, https:\/\/lecercleetlecarre.fr\/wp-content\/uploads\/2019\/10\/Reiki-Usui-Kanjis-300x209.jpg 300w\" sizes=\"auto, (max-width: 501px) 100vw, 501px\" \/><\/figure>\n<\/div>\n\n\n<p><\/p>\n\n\n\n<p>L&#8217;association <a href=\"https:\/\/www.reiki.swiss\/\">Swiss Reiki<\/a>, focalis\u00e9e sur une approche th\u00e9rapeutique du Reiki, organise un congr\u00e8s pour <strong>comm\u00e9morer le centi\u00e8me anniversaire de la vie et de la contribution d&#8217;Usui Sensei<\/strong> <strong>\u00e0 notre monde<\/strong>. C&#8217;est par lui que nous avons re\u00e7u le Reiki en Occident gr\u00e2ce \u00e0 divers acteurs majeurs, dont Takata Sensei pour les USA, puis par des retours venant du Japon, notamment suite aux recherches et \u00e0 la d\u00e9marche personnelle d&#8217;Arjava Petter.<\/p>\n\n\n\n<p>Ce <a href=\"https:\/\/eventfrog.ch\/en\/p\/health-spirituality\/health-wellbeing\/on-the-path-of-usui-sensei-swiss-internat-reiki-congress-7293610072315311350.html#\">congr\u00e8s suisse<\/a> tournera autour de &#8220;<em>La contribution d\u2019Usui Sensei et du Reiki \u00e0 la civilisation : pass\u00e9, pr\u00e9sent et futur<\/em>&#8220;. On pourra en y assistant participer \u00e0 11 conf\u00e9rences inspirantes par des experts (45 \u00e0 60 minutes chacune), autour de 4 th\u00e8mes cl\u00e9s : Histoire &amp; Tradition, Spiritualit\u00e9 &amp; Philosophie, Communaut\u00e9 &amp; Associations, Th\u00e9rapie &amp; Science. Vous pouvez retrouver le <a href=\"https:\/\/www.reiki.swiss\/000\/ReikiSwissCongress2026-FR.pdf\">programme complet du Congr\u00e8s ici<\/a>. J&#8217;ai le plaisir d&#8217;avoir \u00e9t\u00e9 invit\u00e9 \u00e0 donner <strong>l&#8217;une des conf\u00e9rences<\/strong> et la mienne portera sur : &#8220;<em><strong>De l&#8217;Essence Spirituelle du Reiki \u00e0 l&#8217;inclusivit\u00e9<\/strong><\/em>&#8220;.<\/p>\n\n\n<div  class=\"tribe-block tribe-block__event-price\" >\n\t\t<\/div>\n\n\n<div  class=\"tribe-block tribe-block__organizer__details tribe-clearfix\" >\n\t<div class=\"tribe-block__organizer__title\">\n\t\t<h3>Swiss Reiki<\/h3>\n\t<\/div>\n\t\t\t\t<p class=\"tribe-block__organizer__website\"><a href=\"https:\/\/www.reiki.swiss\/\" target=\"_blank\" rel=\"noopener noreferrer\">Voir le site Organisateur<\/a><\/p>\n\t\t<\/div>\n\n\n<div  class=\"tribe-block tribe-block__venue tribe-clearfix tribe-block__venue--has-map\" >\n\t\n\t\n<div class=\"tribe-block__venue__meta\">\n\t<div class=\"tribe-block__venue__name\">\n\t\t<h3>Yverdon (CH)<\/h3>\n\t<\/div>\n\n\t\n\t\t\t\t\t\t<address class=\"tribe-block__venue__address\">\n\t\t\t\t<span class=\"tribe-address\">\n\n<span class=\"tribe-street-address\">Explorit, Avenue des D\u00e9couvertes 1<\/span>\n\t\n\t\t<br>\n\t\t<span class=\"tribe-locality\">Yverdon-les-Bains<\/span><span class=\"tribe-delimiter\">,<\/span>\n\n\n\n\t<span class=\"tribe-country-name\">Switzerland<\/span>\n\n<\/span>\n\n\t\t\t\t\t\t\t\t\t<a class=\"tribe-events-gmap\" href=\"https:\/\/maps.google.com\/maps?f=q&#038;source=s_q&#038;hl=en&#038;geocode=&#038;q=Explorit%2C+Avenue+des+D%C3%A9couvertes+1+Yverdon-les-Bains+Switzerland\" title=\"Cliquez pour voir une carte Google Map\" target=\"_blank\" rel=\"noreferrer noopener\">+ Google Map<\/a>\t\t\t\t\t\t\t<\/address>\n\t\t\n\t\t\n\t\t\t\n\t<\/div>\n\t\n<div class=\"tribe-block__venue__map\">\n\t\n<iframe loading=\"lazy\"\n  title=\"L\u2018iframe Google maps affichant l\u2019adresse \u00e0 Yverdon (CH)\"\n  aria-label=\"Plan des lieux\"\n  width=\"310px\"\n  height=\"256px\"\n  frameborder=\"0\" style=\"border:0\"\n  src=\"https:\/\/www.google.com\/maps\/embed\/v1\/place?key=AIzaSyDNsicAsP6-VuGtAb1O9riI3oc_NOb7IOU&#038;q=Explorit%2C+Avenue+des+D%C3%A9couvertes+1+Yverdon-les-Bains+Switzerland+&#038;zoom=10\" allowfullscreen>\n<\/iframe>\n<\/div>\n\n\t<\/div>\n\n\n<div  class=\"tribe-block tribe-block__event-website\" >\n\t<a\n\t\thref=\"https:\/\/eventfrog.ch\/en\/p\/health-spirituality\/health-wellbeing\/on-the-path-of-usui-sensei-swiss-internat-reiki-congress-7293610072315311350.html#\"\n\t\ttarget=\"_self\"\n\t\t\t>\n\t\tR\u00e9server sa place pour le congr\u00e8s\t<\/a>\n<\/div>\n\n\n\t<div  class=\"tribe-block tribe-block__events-link\" >\n\t\t<div class=\"tribe-events tribe-common\">\n\t\t\t<div class=\"tribe-events-c-subscribe-dropdown__container\">\n\t\t\t\t<div class=\"tribe-events-c-subscribe-dropdown\">\n\t\t\t\t\t<div class=\"tribe-common-c-btn-border tribe-events-c-subscribe-dropdown__button\">\n\t\t\t\t\t\t<svg\n\t class=\"tribe-common-c-svgicon tribe-common-c-svgicon--cal-export tribe-events-c-subscribe-dropdown__export-icon\" \taria-hidden=\"true\"\n\tviewBox=\"0 0 23 17\"\n\txmlns=\"http:\/\/www.w3.org\/2000\/svg\"\n>\n\t<path fill-rule=\"evenodd\" clip-rule=\"evenodd\" d=\"M.128.896V16.13c0 .211.145.383.323.383h15.354c.179 0 .323-.172.323-.383V.896c0-.212-.144-.383-.323-.383H.451C.273.513.128.684.128.896Zm16 6.742h-.901V4.679H1.009v10.729h14.218v-3.336h.901V7.638ZM1.01 1.614h14.218v2.058H1.009V1.614Z\" \/>\n\t<path d=\"M20.5 9.846H8.312M18.524 6.953l2.89 2.909-2.855 2.855\" stroke-width=\"1.2\" stroke-linecap=\"round\" stroke-linejoin=\"round\"\/>\n<\/svg>\n\t\t\t\t\t\t<button\n\t\t\t\t\t\t\tclass=\"tribe-events-c-subscribe-dropdown__button-text\"\n\t\t\t\t\t\t\taria-expanded=\"false\"\n\t\t\t\t\t\t\taria-controls=\"tribe-events-subscribe-dropdown-content\"\n\t\t\t\t\t\t\taria-label=\"Afficher les liens permettant d\u2019ajouter des \u00e9v\u00e8nements \u00e0 votre calendrier\"\n\t\t\t\t\t\t>\n\t\t\t\t\t\t\tAjouter au calendrier\t\t\t\t\t\t<\/button>\n\t\t\t\t\t\t<svg\n\t class=\"tribe-common-c-svgicon tribe-common-c-svgicon--caret-down tribe-events-c-subscribe-dropdown__button-icon\" \taria-hidden=\"true\"\n\tviewBox=\"0 0 10 7\"\n\txmlns=\"http:\/\/www.w3.org\/2000\/svg\"\n>\n\t<path fill-rule=\"evenodd\" clip-rule=\"evenodd\" d=\"M1.008.609L5 4.6 8.992.61l.958.958L5 6.517.05 1.566l.958-.958z\" class=\"tribe-common-c-svgicon__svg-fill\"\/>\n<\/svg>\n\t\t\t\t\t<\/div>\n\t\t\t\t\t<div id=\"tribe-events-subscribe-dropdown-content\" class=\"tribe-events-c-subscribe-dropdown__content\">\n\t\t\t\t\t\t<ul class=\"tribe-events-c-subscribe-dropdown__list\">\n\t\t\t\t\t\t\t\t\t\t\t\t\t\t\t<li class=\"tribe-events-c-subscribe-dropdown__list-item tribe-events-c-subscribe-dropdown__list-item--gcal\">\n\t\t\t\t\t\t\t\t\t<a\n\t\t\t\t\t\t\t\t\t\thref=\"https:\/\/www.google.com\/calendar\/event?action=TEMPLATE&#038;dates=20260307T000000\/20260308T235959&#038;text=Sur%20le%20Chemin%20d%26%238217%3BUsui%20Sensei&#038;details=%3Cfigure+class%3D%22wp-block-image+aligncenter+size-full%22%3E%3Cimg+src%3D%22https%3A%2F%2Flecercleetlecarre.fr%2Fwp-content%2Fuploads%2F2019%2F10%2FReiki-Usui-Kanjis.jpg%22+alt%3D%22%22+class%3D%22wp-image-1778%22%2F%3E%3C%2Ffigure%3E%3Cp%3E%3C%2Fp%3E+%3Cp%3EL%27association+%3Ca+href%3D%22https%3A%2F%2Fwww.reiki.swiss%2F%22%3ESwiss+Reiki%3C%2Fa%3E%2C+focalis%C3%A9e+sur+une+approche+th%C3%A9rapeutique+du+Reiki%2C+organise+un+congr%C3%A8s+pour+%3Cstrong%3Ecomm%C3%A9morer+le+centi%C3%A8me+anniversaire+de+la+vie+et+de+la+contribution+d%27Usui+Sensei%3C%2Fstrong%3E+%3Cstrong%3E%C3%A0+notre+monde%3C%2Fstrong%3E.+C%27est+par+lui+que+nous+avons+re%C3%A7u+le+Reiki+en+Occident+gr%C3%A2ce+%C3%A0+divers+acteurs+majeurs%2C+dont+Takata+Sensei+pour+les+USA%2C+puis+par+des+retours+venant+du+Japon%2C+notamment+suite+aux+recherches+et+%C3%A0+la+d%C3%A9marche+personnelle+d%27Arjava+Petter.%3C%2Fp%3E+%3Cp%3ECe+%3Ca+href%3D%22https%3A%2F%2Feventfrog.ch%2Fen%2Fp%2Fhealth-spirituality%2Fhealth-wellbeing%2Fon-the-path-of-usui-sensei-swiss-internat-reiki-congress-7293610072315311350.html%23%22%3Econgr%C3%A8s+suisse%3C%2Fa%3E+tournera+autour+de+%22%3Cem%3ELa+contribution+d%E2%80%99Usui+Sensei+et+du+Reiki+%C3%A0+la+civilisati%3C%2Fem%3E%3C%2Fp%3E%28Voir+toute+la+description+de+%C3%A9v%C3%A8nement+ici%C2%A0%3A+https%3A%2F%2Flecercleetlecarre.fr%2Findex.php%2Fevent%2Fsur-le-chemin-dusui-sensei%2F%29&#038;location=Yverdon%20(CH),%20Explorit,%20Avenue%20des%20D\u00e9couvertes%201,%20Yverdon-les-Bains,%20Switzerland&#038;trp=false&#038;ctz=Europe\/Paris&#038;sprop=website:https:\/\/lecercleetlecarre.fr\"\n\t\t\t\t\t\t\t\t\t\tclass=\"tribe-events-c-subscribe-dropdown__list-item-link\"\n\t\t\t\t\t\t\t\t\t\ttarget=\"_blank\"\n\t\t\t\t\t\t\t\t\t\trel=\"noopener noreferrer nofollow noindex\"\n\t\t\t\t\t\t\t\t\t>\n\t\t\t\t\t\t\t\t\t\tGoogle Agenda\t\t\t\t\t\t\t\t\t<\/a>\n\t\t\t\t\t\t\t\t<\/li>\n\t\t\t\t\t\t\t\t\t\t\t\t\t\t\t<li class=\"tribe-events-c-subscribe-dropdown__list-item tribe-events-c-subscribe-dropdown__list-item--ical\">\n\t\t\t\t\t\t\t\t\t<a\n\t\t\t\t\t\t\t\t\t\thref=\"\"\n\t\t\t\t\t\t\t\t\t\tclass=\"tribe-events-c-subscribe-dropdown__list-item-link\"\n\t\t\t\t\t\t\t\t\t\ttarget=\"_blank\"\n\t\t\t\t\t\t\t\t\t\trel=\"noopener noreferrer nofollow noindex\"\n\t\t\t\t\t\t\t\t\t>\n\t\t\t\t\t\t\t\t\t\tiCalendar\t\t\t\t\t\t\t\t\t<\/a>\n\t\t\t\t\t\t\t\t<\/li>\n\t\t\t\t\t\t\t\t\t\t\t\t\t\t\t<li class=\"tribe-events-c-subscribe-dropdown__list-item tribe-events-c-subscribe-dropdown__list-item--outlook-365\">\n\t\t\t\t\t\t\t\t\t<a\n\t\t\t\t\t\t\t\t\t\thref=\"\"\n\t\t\t\t\t\t\t\t\t\tclass=\"tribe-events-c-subscribe-dropdown__list-item-link\"\n\t\t\t\t\t\t\t\t\t\ttarget=\"_blank\"\n\t\t\t\t\t\t\t\t\t\trel=\"noopener noreferrer nofollow noindex\"\n\t\t\t\t\t\t\t\t\t>\n\t\t\t\t\t\t\t\t\t\tOutlook 365\t\t\t\t\t\t\t\t\t<\/a>\n\t\t\t\t\t\t\t\t<\/li>\n\t\t\t\t\t\t\t\t\t\t\t\t\t\t\t<li class=\"tribe-events-c-subscribe-dropdown__list-item tribe-events-c-subscribe-dropdown__list-item--outlook-live\">\n\t\t\t\t\t\t\t\t\t<a\n\t\t\t\t\t\t\t\t\t\thref=\"\"\n\t\t\t\t\t\t\t\t\t\tclass=\"tribe-events-c-subscribe-dropdown__list-item-link\"\n\t\t\t\t\t\t\t\t\t\ttarget=\"_blank\"\n\t\t\t\t\t\t\t\t\t\trel=\"noopener noreferrer nofollow noindex\"\n\t\t\t\t\t\t\t\t\t>\n\t\t\t\t\t\t\t\t\t\tOutlook Live\t\t\t\t\t\t\t\t\t<\/a>\n\t\t\t\t\t\t\t\t<\/li>\n\t\t\t\t\t\t\t\t\t\t\t\t\t<\/ul>\n\t\t\t\t\t<\/div>\n\t\t\t\t<\/div>\n\t\t\t<\/div>\n\t\t<\/div>\n\t<\/div>\n\n","protected":false},"excerpt":{"rendered":"<p>L&#8217;association Swiss Reiki, focalis\u00e9e sur une approche th\u00e9rapeutique du Reiki, organise un congr\u00e8s pour comm\u00e9morer le centi\u00e8me anniversaire de la vie et de la contribution d&#8217;Usui Sensei \u00e0 notre monde. &hellip; <a href=\"https:\/\/lecercleetlecarre.fr\/index.php\/event\/sur-le-chemin-dusui-sensei\/\" class=\"more-link\">Lire la suite de <span class=\"screen-reader-text\">Sur le Chemin d&#8217;Usui Sensei<\/span><\/a><\/p>\n","protected":false},"author":3,"featured_media":0,"template":"","meta":{"_s2mail":"yes","_EventAllDay":true,"_EventTimezone":"Europe\/Paris","_EventStartDate":"2026-03-07 00:00:00","_EventEndDate":"2026-03-08 23:59:59","_EventStartDateUTC":"2026-03-06 23:00:00","_EventEndDateUTC":"2026-03-08 22:59:59","_EventShowMap":false,"_EventShowMapLink":false,"_EventURL":"https:\/\/eventfrog.ch\/en\/p\/health-spirituality\/health-wellbeing\/on-the-path-of-usui-sensei-swiss-internat-reiki-congress-7293610072315311350.html#","_EventCost":"","_EventCostDescription":"","_EventCurrencySymbol":"\u20ac","_EventCurrencyCode":"EUR","_EventCurrencyPosition":"suffix","_EventDateTimeSeparator":" \u00e0 ","_EventTimeRangeSeparator":" - ","_EventOrganizerID":[4863],"_EventVenueID":[4864],"_OrganizerEmail":"","_OrganizerPhone":"","_OrganizerWebsite":"","_VenueAddress":"","_VenueCity":"","_VenueCountry":"","_VenueProvince":"","_VenueState":"","_VenueZip":"","_VenuePhone":"","_VenueURL":"","_VenueStateProvince":"","_VenueLat":"","_VenueLng":"","_VenueShowMap":false,"_VenueShowMapLink":false,"_tribe_events_status":"","_tribe_events_status_reason":"","footnotes":""},"tags":[],"tribe_events_cat":[],"class_list":["post-4862","tribe_events","type-tribe_events","status-publish","hentry"],"_links":{"self":[{"href":"https:\/\/lecercleetlecarre.fr\/index.php\/wp-json\/wp\/v2\/tribe_events\/4862","targetHints":{"allow":["GET"]}}],"collection":[{"href":"https:\/\/lecercleetlecarre.fr\/index.php\/wp-json\/wp\/v2\/tribe_events"}],"about":[{"href":"https:\/\/lecercleetlecarre.fr\/index.php\/wp-json\/wp\/v2\/types\/tribe_events"}],"author":[{"embeddable":true,"href":"https:\/\/lecercleetlecarre.fr\/index.php\/wp-json\/wp\/v2\/users\/3"}],"version-history":[{"count":5,"href":"https:\/\/lecercleetlecarre.fr\/index.php\/wp-json\/wp\/v2\/tribe_events\/4862\/revisions"}],"predecessor-version":[{"id":4872,"href":"https:\/\/lecercleetlecarre.fr\/index.php\/wp-json\/wp\/v2\/tribe_events\/4862\/revisions\/4872"}],"wp:attachment":[{"href":"https:\/\/lecercleetlecarre.fr\/index.php\/wp-json\/wp\/v2\/media?parent=4862"}],"wp:term":[{"taxonomy":"post_tag","embeddable":true,"href":"https:\/\/lecercleetlecarre.fr\/index.php\/wp-json\/wp\/v2\/tags?post=4862"},{"taxonomy":"tribe_events_cat","embeddable":true,"href":"https:\/\/lecercleetlecarre.fr\/index.php\/wp-json\/wp\/v2\/tribe_events_cat?post=4862"}],"curies":[{"name":"wp","href":"https:\/\/api.w.org\/{rel}","templated":true}]}}